{"id":3159,"date":"2018-04-25T11:43:40","date_gmt":"2018-04-25T09:43:40","guid":{"rendered":"https:\/\/sainte-germaine-pornichet.fr\/?page_id=3159"},"modified":"2018-04-25T11:51:00","modified_gmt":"2018-04-25T09:51:00","slug":"formulaire-csp","status":"publish","type":"page","link":"https:\/\/sainte-germaine-pornichet.fr\/?page_id=3159","title":{"rendered":"Formulaire CSP"},"content":{"rendered":"\n<div class=\"wpcf7 no-js\" id=\"wpcf7-f3163-o1\" lang=\"fr-FR\" dir=\"ltr\" data-wpcf7-id=\"3163\">\n<div class=\"screen-reader-response\"><p role=\"status\" aria-live=\"polite\" aria-atomic=\"true\"><\/p> <ul><\/ul><\/div>\n<form action=\"\/index.php?rest_route=%2Fwp%2Fv2%2Fpages%2F3159#wpcf7-f3163-o1\" method=\"post\" class=\"wpcf7-form init\" aria-label=\"Formulaire de contact\" novalidate=\"novalidate\" data-status=\"init\">\n<fieldset class=\"hidden-fields-container\"><input type=\"hidden\" name=\"_wpcf7\" value=\"3163\" \/><input type=\"hidden\" name=\"_wpcf7_version\" value=\"6.1.5\" \/><input type=\"hidden\" name=\"_wpcf7_locale\" value=\"fr_FR\" \/><input type=\"hidden\" name=\"_wpcf7_unit_tag\" value=\"wpcf7-f3163-o1\" \/><input type=\"hidden\" name=\"_wpcf7_container_post\" value=\"0\" \/><input type=\"hidden\" name=\"_wpcf7_posted_data_hash\" value=\"\" \/>\n<\/fieldset>\n<p>Nom du parent 1\n\t<font color=\"red\"><small> <i>(obligatoire)<\/i> <\/small>\n\t<\/font><br \/>\n<span class=\"wpcf7-form-control-wrap\" data-name=\"Nomparent1\"><input size=\"40\" maxlength=\"400\" class=\"wpcf7-form-control wpcf7-text wpcf7-validates-as-required\" aria-required=\"true\" aria-invalid=\"false\" placeholder=\"Nom du parent 1\" value=\"\" type=\"text\" name=\"Nomparent1\" \/><\/span><br \/>\nPr\u00e9nom du parent 1\n\t<font color=\"red\"><small> <i>(obligatoire)<\/i> <\/small>\n\t<\/font><br \/>\n<span class=\"wpcf7-form-control-wrap\" data-name=\"prenomparent1\"><input size=\"40\" maxlength=\"400\" class=\"wpcf7-form-control wpcf7-text wpcf7-validates-as-required\" aria-required=\"true\" aria-invalid=\"false\" placeholder=\"Pr\u00e9nom du parent 1\" value=\"\" type=\"text\" name=\"prenomparent1\" \/><\/span><br \/>\nMail parent 1<span class=\"wpcf7-form-control-wrap\" data-name=\"email-691\"><input size=\"40\" maxlength=\"400\" class=\"wpcf7-form-control wpcf7-email wpcf7-text wpcf7-validates-as-email\" aria-invalid=\"false\" value=\"\" type=\"email\" name=\"email-691\" \/><\/span><br \/>\nCat\u00e9gorie Socioprofessionnelle du parent 1\n\t<font color=\"red\"><small> <i>(obligatoire)<\/i> <\/small>\n\t<\/font><br \/>\n<span class=\"wpcf7-form-control-wrap\" data-name=\"professionparent1\"><select class=\"wpcf7-form-control wpcf7-select wpcf7-validates-as-required\" aria-required=\"true\" aria-invalid=\"false\" name=\"professionparent1\"><option value=\"Agriculteurs sur grande exploitation\">Agriculteurs sur grande exploitation<\/option><option value=\"Agriculteurs sur moyenne exploitation\">Agriculteurs sur moyenne exploitation<\/option><option value=\"Agriculteurs sur petite exploitation\">Agriculteurs sur petite exploitation<\/option><option value=\"Anciennes professions interm\u00e9diaires\">Anciennes professions interm\u00e9diaires<\/option><option value=\"Anciens agriculteurs exploitants\">Anciens agriculteurs exploitants<\/option><option value=\"Anciens artisans, commer\u00e7ants et chefs d\u2019entreprise\">Anciens artisans, commer\u00e7ants et chefs d\u2019entreprise<\/option><option value=\"Anciens cadres\">Anciens cadres<\/option><option value=\"Anciens employ\u00e9s\">Anciens employ\u00e9s<\/option><option value=\"Anciens ouvriers\">Anciens ouvriers<\/option><option value=\"Artisan\">Artisan<\/option><option value=\"Cadres administratifs et commerciaux d\u2019entreprise\">Cadres administratifs et commerciaux d\u2019entreprise<\/option><option value=\"Cadres de la fonction publique\">Cadres de la fonction publique<\/option><option value=\"Chauffeurs\">Chauffeurs<\/option><option value=\"Chefs d\u2019entreprise de 10 salari\u00e9s ou plus\">Chefs d\u2019entreprise de 10 salari\u00e9s ou plus<\/option><option value=\"Ch\u00f4meurs n\u2019ayant jamais travaill\u00e9\">Ch\u00f4meurs n\u2019ayant jamais travaill\u00e9<\/option><option value=\"Clerg\u00e9, religieux\">Clerg\u00e9, religieux<\/option><option value=\"Commer\u00e7ant et assimil\u00e9s\">Commer\u00e7ant et assimil\u00e9s<\/option><option value=\"Contrema\u00eetres, agents de ma\u00eetrise\">Contrema\u00eetres, agents de ma\u00eetrise<\/option><option value=\"\u00c9l\u00e8ves, \u00e9tudiants\">\u00c9l\u00e8ves, \u00e9tudiants<\/option><option value=\"Employ\u00e9s administratifs d\u2019entreprise\">Employ\u00e9s administratifs d\u2019entreprise<\/option><option value=\"Employ\u00e9s civils et agents de service de la fonction publique\">Employ\u00e9s civils et agents de service de la fonction publique<\/option><option value=\"Employ\u00e9s de commerce\">Employ\u00e9s de commerce<\/option><option value=\"Ing\u00e9nieurs et cadres techniques d\u2019entreprise\">Ing\u00e9nieurs et cadres techniques d\u2019entreprise<\/option><option value=\"Militaires du contingent\">Militaires du contingent<\/option><option value=\"Ouvriers agricoles\">Ouvriers agricoles<\/option><option value=\"Ouvriers non qualifi\u00e9s de type artisanal\">Ouvriers non qualifi\u00e9s de type artisanal<\/option><option value=\"Ouvriers non qualifi\u00e9s de type industriel\">Ouvriers non qualifi\u00e9s de type industriel<\/option><option value=\"Ouvriers qualifi\u00e9s de la manutention, du magasinage et du transport\">Ouvriers qualifi\u00e9s de la manutention, du magasinage et du transport<\/option><option value=\"Ouvriers qualifi\u00e9s de type artisanal\">Ouvriers qualifi\u00e9s de type artisanal<\/option><option value=\"Ouvriers qualifi\u00e9s de type industriel\">Ouvriers qualifi\u00e9s de type industriel<\/option><option value=\"Personnels des services directs aux particuliers\">Personnels des services directs aux particuliers<\/option><option value=\"Personnes diverses sans activit\u00e9 professionnelle de 60 ans et plus (sauf retrait\u00e9s)\">Personnes diverses sans activit\u00e9 professionnelle de 60 ans et plus (sauf retrait\u00e9s)<\/option><option value=\"Personnes diverses sans activit\u00e9 professionnelle de moins de 60 ans (sauf retrait\u00e9s)\">Personnes diverses sans activit\u00e9 professionnelle de moins de 60 ans (sauf retrait\u00e9s)<\/option><option value=\"Policiers et militaires\">Policiers et militaires<\/option><option value=\"Professeurs des \u00e9coles, instituteurs et assimil\u00e9s\">Professeurs des \u00e9coles, instituteurs et assimil\u00e9s<\/option><option value=\"Professeurs, professions scientifiques\">Professeurs, professions scientifiques<\/option><option value=\"Professions de l\u2019information, des arts et des spectacles\">Professions de l\u2019information, des arts et des spectacles<\/option><option value=\"Professions interm\u00e9diaires administratives de la fonction publique\">Professions interm\u00e9diaires administratives de la fonction publique<\/option><option value=\"Professions interm\u00e9diaires administratives et commerciales des entreprises\">Professions interm\u00e9diaires administratives et commerciales des entreprises<\/option><option value=\"Professions interm\u00e9diaires de la sant\u00e9 et du travail social\">Professions interm\u00e9diaires de la sant\u00e9 et du travail social<\/option><option value=\"Professions lib\u00e9rales\">Professions lib\u00e9rales<\/option><option value=\"Techniciens\">Techniciens<\/option><\/select><\/span>\n<\/p>\n<p>Nom du parent 2\n\t<font color=\"red\"><small> <i>(obligatoire)<\/i> <\/small>\n\t<\/font><br \/>\n<span class=\"wpcf7-form-control-wrap\" data-name=\"Nomparent2\"><input size=\"40\" maxlength=\"400\" class=\"wpcf7-form-control wpcf7-text wpcf7-validates-as-required\" aria-required=\"true\" aria-invalid=\"false\" placeholder=\"Nom du parent 2\" value=\"\" type=\"text\" name=\"Nomparent2\" \/><\/span><br \/>\nPr\u00e9nom du parent 2\n\t<font color=\"red\"><small> <i>(obligatoire)<\/i> <\/small>\n\t<\/font><br \/>\n<span class=\"wpcf7-form-control-wrap\" data-name=\"prenomparent2\"><input size=\"40\" maxlength=\"400\" class=\"wpcf7-form-control wpcf7-text wpcf7-validates-as-required\" aria-required=\"true\" aria-invalid=\"false\" placeholder=\"Pr\u00e9nom du parent 2\" value=\"\" type=\"text\" name=\"prenomparent2\" \/><\/span>\n<\/p>\n<p>Cat\u00e9gorie Socioprofessionnelle du parent 2\n\t<font color=\"red\"><small> <i>(obligatoire)<\/i> <\/small>\n\t<\/font><br \/>\n<span class=\"wpcf7-form-control-wrap\" data-name=\"professionparent2\"><select class=\"wpcf7-form-control wpcf7-select wpcf7-validates-as-required\" aria-required=\"true\" aria-invalid=\"false\" name=\"professionparent2\"><option value=\"Agriculteurs sur grande exploitation\">Agriculteurs sur grande exploitation<\/option><option value=\"Agriculteurs sur moyenne exploitation\">Agriculteurs sur moyenne exploitation<\/option><option value=\"Agriculteurs sur petite exploitation\">Agriculteurs sur petite exploitation<\/option><option value=\"Anciennes professions interm\u00e9diaires\">Anciennes professions interm\u00e9diaires<\/option><option value=\"Anciens agriculteurs exploitants\">Anciens agriculteurs exploitants<\/option><option value=\"Anciens artisans, commer\u00e7ants et chefs d\u2019entreprise\">Anciens artisans, commer\u00e7ants et chefs d\u2019entreprise<\/option><option value=\"Anciens cadres\">Anciens cadres<\/option><option value=\"Anciens employ\u00e9s\">Anciens employ\u00e9s<\/option><option value=\"Anciens ouvriers\">Anciens ouvriers<\/option><option value=\"Artisan\">Artisan<\/option><option value=\"Cadres administratifs et commerciaux d\u2019entreprise\">Cadres administratifs et commerciaux d\u2019entreprise<\/option><option value=\"Cadres de la fonction publique\">Cadres de la fonction publique<\/option><option value=\"Chauffeurs\">Chauffeurs<\/option><option value=\"Chefs d\u2019entreprise de 10 salari\u00e9s ou plus\">Chefs d\u2019entreprise de 10 salari\u00e9s ou plus<\/option><option value=\"Ch\u00f4meurs n\u2019ayant jamais travaill\u00e9\">Ch\u00f4meurs n\u2019ayant jamais travaill\u00e9<\/option><option value=\"Clerg\u00e9, religieux\">Clerg\u00e9, religieux<\/option><option value=\"Commer\u00e7ant et assimil\u00e9s\">Commer\u00e7ant et assimil\u00e9s<\/option><option value=\"Contrema\u00eetres, agents de ma\u00eetrise\">Contrema\u00eetres, agents de ma\u00eetrise<\/option><option value=\"\u00c9l\u00e8ves, \u00e9tudiants\">\u00c9l\u00e8ves, \u00e9tudiants<\/option><option value=\"Employ\u00e9s administratifs d\u2019entreprise\">Employ\u00e9s administratifs d\u2019entreprise<\/option><option value=\"Employ\u00e9s civils et agents de service de la fonction publique\">Employ\u00e9s civils et agents de service de la fonction publique<\/option><option value=\"Employ\u00e9s de commerce\">Employ\u00e9s de commerce<\/option><option value=\"Ing\u00e9nieurs et cadres techniques d\u2019entreprise\">Ing\u00e9nieurs et cadres techniques d\u2019entreprise<\/option><option value=\"Militaires du contingent\">Militaires du contingent<\/option><option value=\"Ouvriers agricoles\">Ouvriers agricoles<\/option><option value=\"Ouvriers non qualifi\u00e9s de type artisanal\">Ouvriers non qualifi\u00e9s de type artisanal<\/option><option value=\"Ouvriers non qualifi\u00e9s de type industriel\">Ouvriers non qualifi\u00e9s de type industriel<\/option><option value=\"Ouvriers qualifi\u00e9s de la manutention, du magasinage et du transport\">Ouvriers qualifi\u00e9s de la manutention, du magasinage et du transport<\/option><option value=\"Ouvriers qualifi\u00e9s de type artisanal\">Ouvriers qualifi\u00e9s de type artisanal<\/option><option value=\"Ouvriers qualifi\u00e9s de type industriel\">Ouvriers qualifi\u00e9s de type industriel<\/option><option value=\"Personnels des services directs aux particuliers\">Personnels des services directs aux particuliers<\/option><option value=\"Personnes diverses sans activit\u00e9 professionnelle de 60 ans et plus (sauf retrait\u00e9s)\">Personnes diverses sans activit\u00e9 professionnelle de 60 ans et plus (sauf retrait\u00e9s)<\/option><option value=\"Personnes diverses sans activit\u00e9 professionnelle de moins de 60 ans (sauf retrait\u00e9s)\">Personnes diverses sans activit\u00e9 professionnelle de moins de 60 ans (sauf retrait\u00e9s)<\/option><option value=\"Policiers et militaires\">Policiers et militaires<\/option><option value=\"Professeurs des \u00e9coles, instituteurs et assimil\u00e9s\">Professeurs des \u00e9coles, instituteurs et assimil\u00e9s<\/option><option value=\"Professeurs, professions scientifiques\">Professeurs, professions scientifiques<\/option><option value=\"Professions de l\u2019information, des arts et des spectacles\">Professions de l\u2019information, des arts et des spectacles<\/option><option value=\"Professions interm\u00e9diaires administratives de la fonction publique\">Professions interm\u00e9diaires administratives de la fonction publique<\/option><option value=\"Professions interm\u00e9diaires administratives et commerciales des entreprises\">Professions interm\u00e9diaires administratives et commerciales des entreprises<\/option><option value=\"Professions interm\u00e9diaires de la sant\u00e9 et du travail social\">Professions interm\u00e9diaires de la sant\u00e9 et du travail social<\/option><option value=\"Professions lib\u00e9rales\">Professions lib\u00e9rales<\/option><option value=\"Techniciens\">Techniciens<\/option><\/select><\/span>\n<\/p>\n<p><input class=\"wpcf7-form-control wpcf7-submit has-spinner\" type=\"submit\" value=\"Envoyer\" \/>\n<\/p><div class=\"wpcf7-response-output\" aria-hidden=\"true\"><\/div>\n<\/form>\n<\/div>\n\n","protected":false},"excerpt":{"rendered":"","protected":false},"author":16,"featured_media":0,"parent":0,"menu_order":0,"comment_status":"closed","ping_status":"closed","template":"","meta":{"footnotes":""},"class_list":["post-3159","page","type-page","status-publish","hentry"],"_links":{"self":[{"href":"https:\/\/sainte-germaine-pornichet.fr\/index.php?rest_route=\/wp\/v2\/pages\/3159","targetHints":{"allow":["GET"]}}],"collection":[{"href":"https:\/\/sainte-germaine-pornichet.fr\/index.php?rest_route=\/wp\/v2\/pages"}],"about":[{"href":"https:\/\/sainte-germaine-pornichet.fr\/index.php?rest_route=\/wp\/v2\/types\/page"}],"author":[{"embeddable":true,"href":"https:\/\/sainte-germaine-pornichet.fr\/index.php?rest_route=\/wp\/v2\/users\/16"}],"replies":[{"embeddable":true,"href":"https:\/\/sainte-germaine-pornichet.fr\/index.php?rest_route=%2Fwp%2Fv2%2Fcomments&post=3159"}],"version-history":[{"count":2,"href":"https:\/\/sainte-germaine-pornichet.fr\/index.php?rest_route=\/wp\/v2\/pages\/3159\/revisions"}],"predecessor-version":[{"id":3164,"href":"https:\/\/sainte-germaine-pornichet.fr\/index.php?rest_route=\/wp\/v2\/pages\/3159\/revisions\/3164"}],"wp:attachment":[{"href":"https:\/\/sainte-germaine-pornichet.fr\/index.php?rest_route=%2Fwp%2Fv2%2Fmedia&parent=3159"}],"curies":[{"name":"wp","href":"https:\/\/api.w.org\/{rel}","templated":true}]}}